{"id":197,"date":"2024-02-28T20:02:29","date_gmt":"2024-02-28T23:02:29","guid":{"rendered":"https:\/\/www.globalprev.com.br\/institucional\/?page_id=197"},"modified":"2024-02-28T21:06:50","modified_gmt":"2024-02-29T00:06:50","slug":"pensao-por-morte","status":"publish","type":"page","link":"https:\/\/www.globalprev.com.br\/institucional\/pensao-por-morte\/","title":{"rendered":"Pens\u00e3o por Morte"},"content":{"rendered":"\t\t<div data-elementor-type=\"wp-page\" data-elementor-id=\"197\" class=\"elementor elementor-197\" data-elementor-post-type=\"page\">\n\t\t\t\t<div class=\"elementor-element elementor-element-3f5370d e-flex e-con-boxed e-con e-parent\" data-id=\"3f5370d\" data-element_type=\"container\" data-settings=\"{&quot;background_background&quot;:&quot;classic&quot;}\">\n\t\t\t\t\t<div class=\"e-con-inner\">\n\t\t<div class=\"elementor-element elementor-element-6e8b0a4 e-con-full e-flex e-con e-child\" data-id=\"6e8b0a4\" data-element_type=\"container\">\n\t\t\t\t<div class=\"elementor-element elementor-element-917f218 elementor-widget-tablet__width-initial elementor-widget-mobile__width-initial elementor-widget elementor-widget-heading\" data-id=\"917f218\" data-element_type=\"widget\" data-widget_type=\"heading.default\">\n\t\t\t\t<div class=\"elementor-widget-container\">\n\t\t\t\t\t<h2 class=\"elementor-heading-title elementor-size-default\">PENS\u00c3O POR MORTE<\/h2>\t\t\t\t<\/div>\n\t\t\t\t<\/div>\n\t\t\t\t<div class=\"elementor-element elementor-element-d35ec05 elementor-widget-tablet__width-initial elementor-widget-mobile__width-initial elementor-widget elementor-widget-text-editor\" data-id=\"d35ec05\" data-element_type=\"widget\" data-widget_type=\"text-editor.default\">\n\t\t\t\t<div class=\"elementor-widget-container\">\n\t\t\t\t\t\t\t\t\t<p><strong>Solu\u00e7\u00f5es inteligentes<\/strong> para todas as suas necessidades previdenci\u00e1rias<\/p>\t\t\t\t\t\t\t\t<\/div>\n\t\t\t\t<\/div>\n\t\t\t\t<div class=\"elementor-element elementor-element-6c0c005 elementor-tablet-align-center elementor-mobile-align-justify elementor-widget-mobile__width-initial elementor-widget elementor-widget-button\" data-id=\"6c0c005\" data-element_type=\"widget\" data-widget_type=\"button.default\">\n\t\t\t\t<div class=\"elementor-widget-container\">\n\t\t\t\t\t\t\t\t\t<div class=\"elementor-button-wrapper\">\n\t\t\t\t\t<a class=\"elementor-button elementor-button-link elementor-size-lg\" href=\"https:\/\/api.whatsapp.com\/send?phone=5543999264989&#038;text=Ol\u00e1,%20vim%20pelo%20site.%20Gostaria%20de%20mais%20informa\u00e7\u00f5es%20sobre%20a%20GlobalPrev\" target=\"_blank\">\n\t\t\t\t\t\t<span class=\"elementor-button-content-wrapper\">\n\t\t\t\t\t\t\t\t\t<span class=\"elementor-button-text\">Fazer an\u00e1lise gratuita<\/span>\n\t\t\t\t\t<\/span>\n\t\t\t\t\t<\/a>\n\t\t\t\t<\/div>\n\t\t\t\t\t\t\t\t<\/div>\n\t\t\t\t<\/div>\n\t\t\t\t<\/div>\n\t\t\t\t\t<\/div>\n\t\t\t\t<\/div>\n\t\t<div class=\"elementor-element elementor-element-e56e437 e-con-full e-flex e-con e-parent\" data-id=\"e56e437\" data-element_type=\"container\">\n\t\t\t\t<div class=\"elementor-element elementor-element-c16b846 elementor-widget elementor-widget-image\" data-id=\"c16b846\" data-element_type=\"widget\" data-widget_type=\"image.default\">\n\t\t\t\t<div class=\"elementor-widget-container\">\n\t\t\t\t\t\t\t\t\t\t\t\t\t\t\t<img decoding=\"async\" width=\"800\" height=\"30\" src=\"https:\/\/www.globalprev.com.br\/institucional\/wp-content\/uploads\/2024\/02\/ELEMENTOS--1024x39.webp\" class=\"attachment-large size-large wp-image-41\" alt=\"\" srcset=\"https:\/\/www.globalprev.com.br\/institucional\/wp-content\/uploads\/2024\/02\/ELEMENTOS--1024x39.webp 1024w, https:\/\/www.globalprev.com.br\/institucional\/wp-content\/uploads\/2024\/02\/ELEMENTOS--300x12.webp 300w, https:\/\/www.globalprev.com.br\/institucional\/wp-content\/uploads\/2024\/02\/ELEMENTOS--768x30.webp 768w, https:\/\/www.globalprev.com.br\/institucional\/wp-content\/uploads\/2024\/02\/ELEMENTOS--1536x59.webp 1536w, https:\/\/www.globalprev.com.br\/institucional\/wp-content\/uploads\/2024\/02\/ELEMENTOS-.webp 1920w\" sizes=\"(max-width: 800px) 100vw, 800px\" \/>\t\t\t\t\t\t\t\t\t\t\t\t\t\t\t<\/div>\n\t\t\t\t<\/div>\n\t\t\t\t<div class=\"elementor-element elementor-element-d00143e elementor-widget-mobile__width-initial elementor-widget-tablet__width-initial elementor-widget__width-initial elementor-widget elementor-widget-heading\" data-id=\"d00143e\" data-element_type=\"widget\" data-widget_type=\"heading.default\">\n\t\t\t\t<div class=\"elementor-widget-container\">\n\t\t\t\t\t<h2 class=\"elementor-heading-title elementor-size-default\">Pens\u00e3o por Morte<\/h2>\t\t\t\t<\/div>\n\t\t\t\t<\/div>\n\t\t\t\t<div class=\"elementor-element elementor-element-bdc0b75 elementor-widget__width-initial elementor-widget elementor-widget-text-editor\" data-id=\"bdc0b75\" data-element_type=\"widget\" data-widget_type=\"text-editor.default\">\n\t\t\t\t<div class=\"elementor-widget-container\">\n\t\t\t\t\t\t\t\t\t<p class=\"p1\">A pens\u00e3o por morte \u00e9 um benef\u00edcio previdenci\u00e1rio oferecido pelo Instituto Nacional do Seguro Social (INSS) e \u00e9 destinado aos dependentes do segurado da Previd\u00eancia Social que faleceu, seja por acidente ou doen\u00e7a, desde que este segurado tenha contribu\u00eddo para o sistema previdenci\u00e1rio ou esteja em per\u00edodo de car\u00eancia.<\/p><p class=\"p1\">Os dependentes que t\u00eam direito \u00e0 pens\u00e3o por morte incluem c\u00f4njuge ou companheiro(a), filhos menores de 21 anos, filhos inv\u00e1lidos (independentemente da idade), pais, e em alguns casos, irm\u00e3os menores de 21 anos ou inv\u00e1lidos.<\/p><p class=\"p2\">\u00c9 importante ressaltar que a pens\u00e3o por morte \u00e9 um aux\u00edlio financeiro importante para amparar a fam\u00edlia do segurado que faleceu, proporcionando um suporte econ\u00f4mico durante um momento dif\u00edcil.<\/p>\t\t\t\t\t\t\t\t<\/div>\n\t\t\t\t<\/div>\n\t\t\t\t<\/div>\n\t\t<div class=\"elementor-element elementor-element-f5da245 e-flex e-con-boxed e-con e-parent\" data-id=\"f5da245\" data-element_type=\"container\">\n\t\t\t\t\t<div class=\"e-con-inner\">\n\t\t\t\t<div class=\"elementor-element elementor-element-0ce389a elementor-widget-mobile__width-initial elementor-widget elementor-widget-heading\" data-id=\"0ce389a\" data-element_type=\"widget\" data-widget_type=\"heading.default\">\n\t\t\t\t<div class=\"elementor-widget-container\">\n\t\t\t\t\t<h2 class=\"elementor-heading-title elementor-size-default\">Perguntas frequentes<\/h2>\t\t\t\t<\/div>\n\t\t\t\t<\/div>\n\t\t\t\t<div class=\"elementor-element elementor-element-f8ab4cc elementor-widget elementor-widget-eael-adv-accordion\" data-id=\"f8ab4cc\" data-element_type=\"widget\" data-widget_type=\"eael-adv-accordion.default\">\n\t\t\t\t<div class=\"elementor-widget-container\">\n\t\t\t\t\t        <div class=\"eael-adv-accordion\" id=\"eael-adv-accordion-f8ab4cc\" data-scroll-on-click=\"no\" data-scroll-speed=\"300\" data-accordion-id=\"f8ab4cc\" data-accordion-type=\"accordion\" data-toogle-speed=\"300\">\n    <div class=\"eael-accordion-list\">\n                <div id=\"quais-so-os-critrios-de-dependncia-para-os-beneficirios-da-penso-por-morte\" class=\"elementor-tab-title eael-accordion-header\" tabindex=\"0\" data-tab=\"1\" aria-controls=\"elementor-tab-content-2601\"><span class=\"eael-accordion-tab-title\">Quais s\u00e3o os crit\u00e9rios de depend\u00eancia para os benefici\u00e1rios da Pens\u00e3o por Morte?<\/span><svg aria-hidden=\"true\" class=\"fa-toggle e-font-icon-svg e-fas-angle-down\" viewBox=\"0 0 320 512\" xmlns=\"http:\/\/www.w3.org\/2000\/svg\"><path d=\"M143 352.3L7 216.3c-9.4-9.4-9.4-24.6 0-33.9l22.6-22.6c9.4-9.4 24.6-9.4 33.9 0l96.4 96.4 96.4-96.4c9.4-9.4 24.6-9.4 33.9 0l22.6 22.6c9.4 9.4 9.4 24.6 0 33.9l-136 136c-9.2 9.4-24.4 9.4-33.8 0z\"><\/path><\/svg><\/div><div id=\"elementor-tab-content-2601\" class=\"eael-accordion-content clearfix\" data-tab=\"1\" aria-labelledby=\"quais-so-os-critrios-de-dependncia-para-os-beneficirios-da-penso-por-morte\"><p class=\"p1\"><span class=\"s1\">Os crit\u00e9rios de depend\u00eancia para os benefici\u00e1rios da Pens\u00e3o por Morte podem variar de acordo com a legisla\u00e7\u00e3o previdenci\u00e1ria vigente e a situa\u00e7\u00e3o espec\u00edfica de cada caso. Geralmente, os principais crit\u00e9rios considerados pelo Instituto Nacional do Seguro Social (INSS) incluem:<\/span><\/p><ul class=\"ul1\"><li class=\"li1\"><span class=\"s1\">O c\u00f4njuge ou companheiro(a) que comprove uni\u00e3o est\u00e1vel com o segurado falecido;<\/span><\/li><li class=\"li1\"><span class=\"s1\">Filhos menores de 21 anos ou filhos inv\u00e1lidos:<\/span><\/li><li class=\"li1\"><span class=\"s1\">Pais do segurado falecido:<\/span><\/li><li class=\"li1\"><span class=\"s1\">Irm\u00e3os menores de 21 anos ou inv\u00e1lidos:<\/span><\/li><\/ul><\/div>\n                <\/div><div class=\"eael-accordion-list\">\n                <div id=\"qual-o-prazo-para-o-requerimento-da-penso-por-morte\" class=\"elementor-tab-title eael-accordion-header\" tabindex=\"0\" data-tab=\"2\" aria-controls=\"elementor-tab-content-2602\"><span class=\"eael-accordion-tab-title\">Qual o prazo para o requerimento da pens\u00e3o por morte?<\/span><svg aria-hidden=\"true\" class=\"fa-toggle e-font-icon-svg e-fas-angle-down\" viewBox=\"0 0 320 512\" xmlns=\"http:\/\/www.w3.org\/2000\/svg\"><path d=\"M143 352.3L7 216.3c-9.4-9.4-9.4-24.6 0-33.9l22.6-22.6c9.4-9.4 24.6-9.4 33.9 0l96.4 96.4 96.4-96.4c9.4-9.4 24.6-9.4 33.9 0l22.6 22.6c9.4 9.4 9.4 24.6 0 33.9l-136 136c-9.2 9.4-24.4 9.4-33.8 0z\"><\/path><\/svg><\/div><div id=\"elementor-tab-content-2602\" class=\"eael-accordion-content clearfix\" data-tab=\"2\" aria-labelledby=\"qual-o-prazo-para-o-requerimento-da-penso-por-morte\"><p class=\"p1\">A pens\u00e3o por morte pode ser requerida a qualquer tempo.<\/p><p class=\"p1\">Mas fique atento: para que sejam pagos os valores devidos desde a data do falecimento \u00e9 importante que sejam observados os seguintes prazos de requerimento:<\/p><ul class=\"ul1\"><li class=\"li2\"><span class=\"s2\">At\u00e9 90 dias do \u00f3bito, em regra.<\/span><\/li><li class=\"li2\"><span class=\"s2\">At\u00e9 180 dias do \u00f3bito, se o dependente for filho(a) com menos de 16 anos.<\/span><\/li><\/ul><p class=\"p1\">Se o requerimento for feito fora deste prazo, o pagamento ser\u00e1 devido desde a data do requerimento e n\u00e3o mais do \u00f3bito<span class=\"s3\">.<\/span><\/p><\/div>\n                <\/div><div class=\"eael-accordion-list\">\n                <div id=\"posso-acumular-a-penso-por-morte-com-outros-benefcios\" class=\"elementor-tab-title eael-accordion-header\" tabindex=\"0\" data-tab=\"3\" aria-controls=\"elementor-tab-content-2603\"><span class=\"eael-accordion-tab-title\">Posso acumular a pens\u00e3o por morte com outros benef\u00edcios?<\/span><svg aria-hidden=\"true\" class=\"fa-toggle e-font-icon-svg e-fas-angle-down\" viewBox=\"0 0 320 512\" xmlns=\"http:\/\/www.w3.org\/2000\/svg\"><path d=\"M143 352.3L7 216.3c-9.4-9.4-9.4-24.6 0-33.9l22.6-22.6c9.4-9.4 24.6-9.4 33.9 0l96.4 96.4 96.4-96.4c9.4-9.4 24.6-9.4 33.9 0l22.6 22.6c9.4 9.4 9.4 24.6 0 33.9l-136 136c-9.2 9.4-24.4 9.4-33.8 0z\"><\/path><\/svg><\/div><div id=\"elementor-tab-content-2603\" class=\"eael-accordion-content clearfix\" data-tab=\"3\" aria-labelledby=\"posso-acumular-a-penso-por-morte-com-outros-benefcios\"><p class=\"p1\">Sim. Contudo, devemos nos atentar que o m\u00e1ximo para a acumula\u00e7\u00e3o de benef\u00edcios previdenci\u00e1rios \u00e9 de dois benef\u00edcios, sendo um deles aposentadoria e o outro pens\u00e3o por morte. Ou seja, um benefici\u00e1rio n\u00e3o pode acumular mais de dois benef\u00edcios previdenci\u00e1rios, incluindo a Pens\u00e3o por Morte.<\/p><\/div>\n                <\/div><\/div>\t\t\t\t<\/div>\n\t\t\t\t<\/div>\n\t\t\t\t\t<\/div>\n\t\t\t\t<\/div>\n\t\t<div class=\"elementor-element elementor-element-6bf0c67 e-flex e-con-boxed e-con e-parent\" data-id=\"6bf0c67\" data-element_type=\"container\">\n\t\t\t\t\t<div class=\"e-con-inner\">\n\t\t\t\t<div class=\"elementor-element elementor-element-e412d7f elementor-tablet-align-center elementor-mobile-align-justify elementor-widget-mobile__width-initial elementor-align-center elementor-widget elementor-widget-button\" data-id=\"e412d7f\" data-element_type=\"widget\" data-widget_type=\"button.default\">\n\t\t\t\t<div class=\"elementor-widget-container\">\n\t\t\t\t\t\t\t\t\t<div class=\"elementor-button-wrapper\">\n\t\t\t\t\t<a class=\"elementor-button elementor-button-link elementor-size-lg\" href=\"https:\/\/api.whatsapp.com\/send?phone=5543999264989&#038;text=Ol\u00e1,%20vim%20pelo%20site.%20Gostaria%20de%20mais%20informa\u00e7\u00f5es%20sobre%20a%20GlobalPrev\" target=\"_blank\">\n\t\t\t\t\t\t<span class=\"elementor-button-content-wrapper\">\n\t\t\t\t\t\t\t\t\t<span class=\"elementor-button-text\">Fazer an\u00e1lise gratuita<\/span>\n\t\t\t\t\t<\/span>\n\t\t\t\t\t<\/a>\n\t\t\t\t<\/div>\n\t\t\t\t\t\t\t\t<\/div>\n\t\t\t\t<\/div>\n\t\t\t\t\t<\/div>\n\t\t\t\t<\/div>\n\t\t\t\t<\/div>\n\t\t","protected":false},"excerpt":{"rendered":"<p>PENS\u00c3O POR MORTE Solu\u00e7\u00f5es inteligentes para todas as suas necessidades previdenci\u00e1rias Fazer an\u00e1lise gratuita Pens\u00e3o por Morte A pens\u00e3o por morte \u00e9 um benef\u00edcio previdenci\u00e1rio oferecido pelo Instituto Nacional do Seguro Social (INSS) e \u00e9 destinado aos dependentes do segurado da Previd\u00eancia Social que faleceu, seja por acidente ou doen\u00e7a, desde que este segurado tenha [&hellip;]<\/p>\n","protected":false},"author":1,"featured_media":0,"parent":0,"menu_order":0,"comment_status":"closed","ping_status":"closed","template":"elementor_header_footer","meta":{"footnotes":""},"class_list":["post-197","page","type-page","status-publish","hentry"],"_links":{"self":[{"href":"https:\/\/www.globalprev.com.br\/institucional\/wp-json\/wp\/v2\/pages\/197","targetHints":{"allow":["GET"]}}],"collection":[{"href":"https:\/\/www.globalprev.com.br\/institucional\/wp-json\/wp\/v2\/pages"}],"about":[{"href":"https:\/\/www.globalprev.com.br\/institucional\/wp-json\/wp\/v2\/types\/page"}],"author":[{"embeddable":true,"href":"https:\/\/www.globalprev.com.br\/institucional\/wp-json\/wp\/v2\/users\/1"}],"replies":[{"embeddable":true,"href":"https:\/\/www.globalprev.com.br\/institucional\/wp-json\/wp\/v2\/comments?post=197"}],"version-history":[{"count":13,"href":"https:\/\/www.globalprev.com.br\/institucional\/wp-json\/wp\/v2\/pages\/197\/revisions"}],"predecessor-version":[{"id":275,"href":"https:\/\/www.globalprev.com.br\/institucional\/wp-json\/wp\/v2\/pages\/197\/revisions\/275"}],"wp:attachment":[{"href":"https:\/\/www.globalprev.com.br\/institucional\/wp-json\/wp\/v2\/media?parent=197"}],"curies":[{"name":"wp","href":"https:\/\/api.w.org\/{rel}","templated":true}]}}