{"id":208,"date":"2024-02-28T20:09:18","date_gmt":"2024-02-28T23:09:18","guid":{"rendered":"https:\/\/www.globalprev.com.br\/institucional\/?page_id=208"},"modified":"2024-02-28T21:07:20","modified_gmt":"2024-02-29T00:07:20","slug":"salario-maternidade","status":"publish","type":"page","link":"https:\/\/www.globalprev.com.br\/institucional\/salario-maternidade\/","title":{"rendered":"Salario Maternidade"},"content":{"rendered":"\t\t<div data-elementor-type=\"wp-page\" data-elementor-id=\"208\" class=\"elementor elementor-208\" data-elementor-post-type=\"page\">\n\t\t\t\t<div class=\"elementor-element elementor-element-3f5370d e-flex e-con-boxed e-con e-parent\" data-id=\"3f5370d\" data-element_type=\"container\" data-settings=\"{&quot;background_background&quot;:&quot;classic&quot;}\">\n\t\t\t\t\t<div class=\"e-con-inner\">\n\t\t<div class=\"elementor-element elementor-element-6e8b0a4 e-con-full e-flex e-con e-child\" data-id=\"6e8b0a4\" data-element_type=\"container\">\n\t\t\t\t<div class=\"elementor-element elementor-element-917f218 elementor-widget-tablet__width-initial elementor-widget-mobile__width-initial elementor-widget elementor-widget-heading\" data-id=\"917f218\" data-element_type=\"widget\" data-widget_type=\"heading.default\">\n\t\t\t\t<div class=\"elementor-widget-container\">\n\t\t\t\t\t<h2 class=\"elementor-heading-title elementor-size-default\">SAL\u00c1RIO MATERNIDADE<\/h2>\t\t\t\t<\/div>\n\t\t\t\t<\/div>\n\t\t\t\t<div class=\"elementor-element elementor-element-d35ec05 elementor-widget-tablet__width-initial elementor-widget-mobile__width-initial elementor-widget elementor-widget-text-editor\" data-id=\"d35ec05\" data-element_type=\"widget\" data-widget_type=\"text-editor.default\">\n\t\t\t\t<div class=\"elementor-widget-container\">\n\t\t\t\t\t\t\t\t\t<p><strong>Solu\u00e7\u00f5es inteligentes<\/strong> para todas as suas necessidades previdenci\u00e1rias<\/p>\t\t\t\t\t\t\t\t<\/div>\n\t\t\t\t<\/div>\n\t\t\t\t<div class=\"elementor-element elementor-element-6c0c005 elementor-tablet-align-center elementor-mobile-align-justify elementor-widget-mobile__width-initial elementor-widget elementor-widget-button\" data-id=\"6c0c005\" data-element_type=\"widget\" data-widget_type=\"button.default\">\n\t\t\t\t<div class=\"elementor-widget-container\">\n\t\t\t\t\t\t\t\t\t<div class=\"elementor-button-wrapper\">\n\t\t\t\t\t<a class=\"elementor-button elementor-button-link elementor-size-lg\" href=\"https:\/\/api.whatsapp.com\/send?phone=5543999264989&#038;text=Ol\u00e1,%20vim%20pelo%20site.%20Gostaria%20de%20mais%20informa\u00e7\u00f5es%20sobre%20a%20GlobalPrev\" target=\"_blank\">\n\t\t\t\t\t\t<span class=\"elementor-button-content-wrapper\">\n\t\t\t\t\t\t\t\t\t<span class=\"elementor-button-text\">Fazer an\u00e1lise gratuita<\/span>\n\t\t\t\t\t<\/span>\n\t\t\t\t\t<\/a>\n\t\t\t\t<\/div>\n\t\t\t\t\t\t\t\t<\/div>\n\t\t\t\t<\/div>\n\t\t\t\t<\/div>\n\t\t\t\t\t<\/div>\n\t\t\t\t<\/div>\n\t\t<div class=\"elementor-element elementor-element-e56e437 e-con-full e-flex e-con e-parent\" data-id=\"e56e437\" data-element_type=\"container\">\n\t\t\t\t<div class=\"elementor-element elementor-element-c16b846 elementor-widget elementor-widget-image\" data-id=\"c16b846\" data-element_type=\"widget\" data-widget_type=\"image.default\">\n\t\t\t\t<div class=\"elementor-widget-container\">\n\t\t\t\t\t\t\t\t\t\t\t\t\t\t\t<img decoding=\"async\" width=\"800\" height=\"30\" src=\"https:\/\/www.globalprev.com.br\/institucional\/wp-content\/uploads\/2024\/02\/ELEMENTOS--1024x39.webp\" class=\"attachment-large size-large wp-image-41\" alt=\"\" srcset=\"https:\/\/www.globalprev.com.br\/institucional\/wp-content\/uploads\/2024\/02\/ELEMENTOS--1024x39.webp 1024w, https:\/\/www.globalprev.com.br\/institucional\/wp-content\/uploads\/2024\/02\/ELEMENTOS--300x12.webp 300w, https:\/\/www.globalprev.com.br\/institucional\/wp-content\/uploads\/2024\/02\/ELEMENTOS--768x30.webp 768w, https:\/\/www.globalprev.com.br\/institucional\/wp-content\/uploads\/2024\/02\/ELEMENTOS--1536x59.webp 1536w, https:\/\/www.globalprev.com.br\/institucional\/wp-content\/uploads\/2024\/02\/ELEMENTOS-.webp 1920w\" sizes=\"(max-width: 800px) 100vw, 800px\" \/>\t\t\t\t\t\t\t\t\t\t\t\t\t\t\t<\/div>\n\t\t\t\t<\/div>\n\t\t\t\t<div class=\"elementor-element elementor-element-d00143e elementor-widget-mobile__width-initial elementor-widget-tablet__width-initial elementor-widget__width-initial elementor-widget elementor-widget-heading\" data-id=\"d00143e\" data-element_type=\"widget\" data-widget_type=\"heading.default\">\n\t\t\t\t<div class=\"elementor-widget-container\">\n\t\t\t\t\t<h2 class=\"elementor-heading-title elementor-size-default\">Sal\u00e1rio Maternidade<\/h2>\t\t\t\t<\/div>\n\t\t\t\t<\/div>\n\t\t\t\t<div class=\"elementor-element elementor-element-bdc0b75 elementor-widget__width-initial elementor-widget elementor-widget-text-editor\" data-id=\"bdc0b75\" data-element_type=\"widget\" data-widget_type=\"text-editor.default\">\n\t\t\t\t<div class=\"elementor-widget-container\">\n\t\t\t\t\t\t\t\t\t<p class=\"p1\">O sal\u00e1rio-maternidade \u00e9 destinado \u00e0s seguradas gestantes, adotantes e \u00e0s que obt\u00eam guarda judicial para fins de ado\u00e7\u00e3o. O objetivo \u00e9 proporcionar uma licen\u00e7a remunerada para que a mulher possa se afastar do trabalho antes e ap\u00f3s o parto, garantindo assim cuidados adequados tanto para a m\u00e3e quanto para o rec\u00e9m-nascido.<\/p><p class=\"p1\">O sal\u00e1rio-maternidade \u00e9 pago durante um per\u00edodo que varia conforme a situa\u00e7\u00e3o: 120 dias para gestantes e adotantes, podendo ser estendido para 180 dias em empresas que aderem ao Programa Empresa Cidad\u00e3 ou em casos de parto prematuro.<\/p><p class=\"p1\">O valor do sal\u00e1rio-maternidade \u00e9 calculado com base na remunera\u00e7\u00e3o da segurada, considerando o seu sal\u00e1rio de contribui\u00e7\u00e3o.<\/p><p class=\"p1\">O sal\u00e1rio-maternidade \u00e9 um direito importante para assegurar o bem-estar da m\u00e3e e do beb\u00ea durante o per\u00edodo de gesta\u00e7\u00e3o, parto e p\u00f3s-parto, garantindo a estabilidade financeira para que a mulher possa se dedicar aos cuidados necess\u00e1rios nesse momento especial da vida.<\/p>\t\t\t\t\t\t\t\t<\/div>\n\t\t\t\t<\/div>\n\t\t\t\t<\/div>\n\t\t<div class=\"elementor-element elementor-element-f5da245 e-flex e-con-boxed e-con e-parent\" data-id=\"f5da245\" data-element_type=\"container\">\n\t\t\t\t\t<div class=\"e-con-inner\">\n\t\t\t\t<div class=\"elementor-element elementor-element-0ce389a elementor-widget-mobile__width-initial elementor-widget elementor-widget-heading\" data-id=\"0ce389a\" data-element_type=\"widget\" data-widget_type=\"heading.default\">\n\t\t\t\t<div class=\"elementor-widget-container\">\n\t\t\t\t\t<h2 class=\"elementor-heading-title elementor-size-default\">Perguntas frequentes<\/h2>\t\t\t\t<\/div>\n\t\t\t\t<\/div>\n\t\t\t\t<div class=\"elementor-element elementor-element-f8ab4cc elementor-widget elementor-widget-eael-adv-accordion\" data-id=\"f8ab4cc\" data-element_type=\"widget\" data-widget_type=\"eael-adv-accordion.default\">\n\t\t\t\t<div class=\"elementor-widget-container\">\n\t\t\t\t\t        <div class=\"eael-adv-accordion\" id=\"eael-adv-accordion-f8ab4cc\" data-scroll-on-click=\"no\" data-scroll-speed=\"300\" data-accordion-id=\"f8ab4cc\" data-accordion-type=\"accordion\" data-toogle-speed=\"300\">\n    <div class=\"eael-accordion-list\">\n                <div id=\"posso-receber-o-salrio-maternidade-se-estiver-desempregada\" class=\"elementor-tab-title eael-accordion-header\" tabindex=\"0\" data-tab=\"1\" aria-controls=\"elementor-tab-content-2601\"><span class=\"eael-accordion-tab-title\">Posso receber o Sal\u00e1rio-Maternidade se estiver desempregada?<\/span><svg aria-hidden=\"true\" class=\"fa-toggle e-font-icon-svg e-fas-angle-down\" viewBox=\"0 0 320 512\" xmlns=\"http:\/\/www.w3.org\/2000\/svg\"><path d=\"M143 352.3L7 216.3c-9.4-9.4-9.4-24.6 0-33.9l22.6-22.6c9.4-9.4 24.6-9.4 33.9 0l96.4 96.4 96.4-96.4c9.4-9.4 24.6-9.4 33.9 0l22.6 22.6c9.4 9.4 9.4 24.6 0 33.9l-136 136c-9.2 9.4-24.4 9.4-33.8 0z\"><\/path><\/svg><\/div><div id=\"elementor-tab-content-2601\" class=\"eael-accordion-content clearfix\" data-tab=\"1\" aria-labelledby=\"posso-receber-o-salrio-maternidade-se-estiver-desempregada\"><p class=\"p1\">A segurada desempregada pode ter direito ao sal\u00e1rio-maternidade, mesmo quando est\u00e1 sem contribuir para a Previd\u00eancia Social, desde que ainda esteja no per\u00edodo de cobertura dos seus direitos (per\u00edodo de gra\u00e7a). A desempregada que passa a contribuir como segurada facultativa tamb\u00e9m pode receber o benef\u00edcio.<\/p><\/div>\n                <\/div><div class=\"eael-accordion-list\">\n                <div id=\"como-funciona-a-licena-paternidade-em-relao-ao-salrio-maternidade\" class=\"elementor-tab-title eael-accordion-header\" tabindex=\"0\" data-tab=\"2\" aria-controls=\"elementor-tab-content-2602\"><span class=\"eael-accordion-tab-title\">Como funciona a licen\u00e7a-paternidade em rela\u00e7\u00e3o ao Sal\u00e1rio-Maternidade?<\/span><svg aria-hidden=\"true\" class=\"fa-toggle e-font-icon-svg e-fas-angle-down\" viewBox=\"0 0 320 512\" xmlns=\"http:\/\/www.w3.org\/2000\/svg\"><path d=\"M143 352.3L7 216.3c-9.4-9.4-9.4-24.6 0-33.9l22.6-22.6c9.4-9.4 24.6-9.4 33.9 0l96.4 96.4 96.4-96.4c9.4-9.4 24.6-9.4 33.9 0l22.6 22.6c9.4 9.4 9.4 24.6 0 33.9l-136 136c-9.2 9.4-24.4 9.4-33.8 0z\"><\/path><\/svg><\/div><div id=\"elementor-tab-content-2602\" class=\"eael-accordion-content clearfix\" data-tab=\"2\" aria-labelledby=\"como-funciona-a-licena-paternidade-em-relao-ao-salrio-maternidade\"><p class=\"p1\">A licen\u00e7a-paternidade e o sal\u00e1rio-maternidade s\u00e3o benef\u00edcios distintos, destinados \u00e0 diferentes situa\u00e7\u00f5es e benefici\u00e1rios.<\/p><p class=\"p1\">Enquanto a licen\u00e7a-paternidade \u00e9 um per\u00edodo de afastamento remunerado concedido ao pai ap\u00f3s o nascimento do filho, o Sal\u00e1rio-Maternidade \u00e9 um benef\u00edcio pago \u00e0 m\u00e3e (ou ao pai, em caso de ado\u00e7\u00e3o) para substituir a renda durante o per\u00edodo de afastamento do trabalho em decorr\u00eancia do nascimento ou ado\u00e7\u00e3o de um filho. Ambos os benef\u00edcios t\u00eam o objetivo de promover o cuidado com a crian\u00e7a nos primeiros dias de vida e fortalecer o v\u00ednculo familiar.<\/p><\/div>\n                <\/div><div class=\"eael-accordion-list\">\n                <div id=\"posso-receber-o-salrio-maternidade-se-eu-for-autnoma-ou-mei\" class=\"elementor-tab-title eael-accordion-header\" tabindex=\"0\" data-tab=\"3\" aria-controls=\"elementor-tab-content-2603\"><span class=\"eael-accordion-tab-title\">Posso receber o Sal\u00e1rio-Maternidade se eu for aut\u00f4noma ou MEI?<\/span><svg aria-hidden=\"true\" class=\"fa-toggle e-font-icon-svg e-fas-angle-down\" viewBox=\"0 0 320 512\" xmlns=\"http:\/\/www.w3.org\/2000\/svg\"><path d=\"M143 352.3L7 216.3c-9.4-9.4-9.4-24.6 0-33.9l22.6-22.6c9.4-9.4 24.6-9.4 33.9 0l96.4 96.4 96.4-96.4c9.4-9.4 24.6-9.4 33.9 0l22.6 22.6c9.4 9.4 9.4 24.6 0 33.9l-136 136c-9.2 9.4-24.4 9.4-33.8 0z\"><\/path><\/svg><\/div><div id=\"elementor-tab-content-2603\" class=\"eael-accordion-content clearfix\" data-tab=\"3\" aria-labelledby=\"posso-receber-o-salrio-maternidade-se-eu-for-autnoma-ou-mei\"><p class=\"p1\">Sim. Mulheres que trabalham como aut\u00f4nomas (profissionais liberais) ou que s\u00e3o Microempreendedoras Individuais (MEIs) tamb\u00e9m t\u00eam direito ao Sal\u00e1rio-Maternidade, desde que esteja em dia com no m\u00ednimo 10 contribui\u00e7\u00f5es previdenci\u00e1rias, e que comprove a situa\u00e7\u00e3o de gravidez ou a documenta\u00e7\u00e3o em caso de ado\u00e7\u00e3o ou guarda judicial para fins de ado\u00e7\u00e3o.<\/p><\/div>\n                <\/div><\/div>\t\t\t\t<\/div>\n\t\t\t\t<\/div>\n\t\t\t\t\t<\/div>\n\t\t\t\t<\/div>\n\t\t<div class=\"elementor-element elementor-element-3dd1431 e-flex e-con-boxed e-con e-parent\" data-id=\"3dd1431\" data-element_type=\"container\">\n\t\t\t\t\t<div class=\"e-con-inner\">\n\t\t\t\t<div class=\"elementor-element elementor-element-dd5b6c1 elementor-tablet-align-center elementor-mobile-align-justify elementor-widget-mobile__width-initial elementor-align-center elementor-widget elementor-widget-button\" data-id=\"dd5b6c1\" data-element_type=\"widget\" data-widget_type=\"button.default\">\n\t\t\t\t<div class=\"elementor-widget-container\">\n\t\t\t\t\t\t\t\t\t<div class=\"elementor-button-wrapper\">\n\t\t\t\t\t<a class=\"elementor-button elementor-button-link elementor-size-lg\" href=\"https:\/\/api.whatsapp.com\/send?phone=5543999264989&#038;text=Ol\u00e1,%20vim%20pelo%20site.%20Gostaria%20de%20mais%20informa\u00e7\u00f5es%20sobre%20a%20GlobalPrev\" target=\"_blank\">\n\t\t\t\t\t\t<span class=\"elementor-button-content-wrapper\">\n\t\t\t\t\t\t\t\t\t<span class=\"elementor-button-text\">Fazer an\u00e1lise gratuita<\/span>\n\t\t\t\t\t<\/span>\n\t\t\t\t\t<\/a>\n\t\t\t\t<\/div>\n\t\t\t\t\t\t\t\t<\/div>\n\t\t\t\t<\/div>\n\t\t\t\t\t<\/div>\n\t\t\t\t<\/div>\n\t\t\t\t<\/div>\n\t\t","protected":false},"excerpt":{"rendered":"<p>SAL\u00c1RIO MATERNIDADE Solu\u00e7\u00f5es inteligentes para todas as suas necessidades previdenci\u00e1rias Fazer an\u00e1lise gratuita Sal\u00e1rio Maternidade O sal\u00e1rio-maternidade \u00e9 destinado \u00e0s seguradas gestantes, adotantes e \u00e0s que obt\u00eam guarda judicial para fins de ado\u00e7\u00e3o. O objetivo \u00e9 proporcionar uma licen\u00e7a remunerada para que a mulher possa se afastar do trabalho antes e ap\u00f3s o parto, garantindo [&hellip;]<\/p>\n","protected":false},"author":1,"featured_media":0,"parent":0,"menu_order":0,"comment_status":"closed","ping_status":"closed","template":"elementor_header_footer","meta":{"footnotes":""},"class_list":["post-208","page","type-page","status-publish","hentry"],"_links":{"self":[{"href":"https:\/\/www.globalprev.com.br\/institucional\/wp-json\/wp\/v2\/pages\/208","targetHints":{"allow":["GET"]}}],"collection":[{"href":"https:\/\/www.globalprev.com.br\/institucional\/wp-json\/wp\/v2\/pages"}],"about":[{"href":"https:\/\/www.globalprev.com.br\/institucional\/wp-json\/wp\/v2\/types\/page"}],"author":[{"embeddable":true,"href":"https:\/\/www.globalprev.com.br\/institucional\/wp-json\/wp\/v2\/users\/1"}],"replies":[{"embeddable":true,"href":"https:\/\/www.globalprev.com.br\/institucional\/wp-json\/wp\/v2\/comments?post=208"}],"version-history":[{"count":10,"href":"https:\/\/www.globalprev.com.br\/institucional\/wp-json\/wp\/v2\/pages\/208\/revisions"}],"predecessor-version":[{"id":278,"href":"https:\/\/www.globalprev.com.br\/institucional\/wp-json\/wp\/v2\/pages\/208\/revisions\/278"}],"wp:attachment":[{"href":"https:\/\/www.globalprev.com.br\/institucional\/wp-json\/wp\/v2\/media?parent=208"}],"curies":[{"name":"wp","href":"https:\/\/api.w.org\/{rel}","templated":true}]}}