{"id":248,"date":"2024-02-28T21:00:25","date_gmt":"2024-02-29T00:00:25","guid":{"rendered":"https:\/\/www.globalprev.com.br\/institucional\/?page_id=248"},"modified":"2024-02-28T21:05:15","modified_gmt":"2024-02-29T00:05:15","slug":"auxilio-acidente","status":"publish","type":"page","link":"https:\/\/www.globalprev.com.br\/institucional\/auxilio-acidente\/","title":{"rendered":"Auxilio Acidente"},"content":{"rendered":"\t\t<div data-elementor-type=\"wp-page\" data-elementor-id=\"248\" class=\"elementor elementor-248\" data-elementor-post-type=\"page\">\n\t\t\t\t<div class=\"elementor-element elementor-element-3f5370d e-flex e-con-boxed e-con e-parent\" data-id=\"3f5370d\" data-element_type=\"container\" data-settings=\"{&quot;background_background&quot;:&quot;classic&quot;}\">\n\t\t\t\t\t<div class=\"e-con-inner\">\n\t\t<div class=\"elementor-element elementor-element-6e8b0a4 e-con-full e-flex e-con e-child\" data-id=\"6e8b0a4\" data-element_type=\"container\">\n\t\t\t\t<div class=\"elementor-element elementor-element-917f218 elementor-widget-tablet__width-initial elementor-widget-mobile__width-initial elementor-widget elementor-widget-heading\" data-id=\"917f218\" data-element_type=\"widget\" data-widget_type=\"heading.default\">\n\t\t\t\t<div class=\"elementor-widget-container\">\n\t\t\t\t\t<h2 class=\"elementor-heading-title elementor-size-default\">AUX\u00cdLIO ACIDENTE<\/h2>\t\t\t\t<\/div>\n\t\t\t\t<\/div>\n\t\t\t\t<div class=\"elementor-element elementor-element-d35ec05 elementor-widget-tablet__width-initial elementor-widget-mobile__width-initial elementor-widget elementor-widget-text-editor\" data-id=\"d35ec05\" data-element_type=\"widget\" data-widget_type=\"text-editor.default\">\n\t\t\t\t<div class=\"elementor-widget-container\">\n\t\t\t\t\t\t\t\t\t<p><strong>Solu\u00e7\u00f5es inteligentes<\/strong> para todas as suas necessidades previdenci\u00e1rias<\/p>\t\t\t\t\t\t\t\t<\/div>\n\t\t\t\t<\/div>\n\t\t\t\t<div class=\"elementor-element elementor-element-6c0c005 elementor-tablet-align-center elementor-mobile-align-justify elementor-widget-mobile__width-initial elementor-widget elementor-widget-button\" data-id=\"6c0c005\" data-element_type=\"widget\" data-widget_type=\"button.default\">\n\t\t\t\t<div class=\"elementor-widget-container\">\n\t\t\t\t\t\t\t\t\t<div class=\"elementor-button-wrapper\">\n\t\t\t\t\t<a class=\"elementor-button elementor-button-link elementor-size-lg\" href=\"https:\/\/api.whatsapp.com\/send?phone=5543999264989&#038;text=Ol\u00e1,%20vim%20pelo%20site.%20Gostaria%20de%20mais%20informa\u00e7\u00f5es%20sobre%20a%20GlobalPrev\" target=\"_blank\">\n\t\t\t\t\t\t<span class=\"elementor-button-content-wrapper\">\n\t\t\t\t\t\t\t\t\t<span class=\"elementor-button-text\">Fazer an\u00e1lise gratuita<\/span>\n\t\t\t\t\t<\/span>\n\t\t\t\t\t<\/a>\n\t\t\t\t<\/div>\n\t\t\t\t\t\t\t\t<\/div>\n\t\t\t\t<\/div>\n\t\t\t\t<\/div>\n\t\t\t\t\t<\/div>\n\t\t\t\t<\/div>\n\t\t<div class=\"elementor-element elementor-element-e56e437 e-con-full e-flex e-con e-parent\" data-id=\"e56e437\" data-element_type=\"container\">\n\t\t\t\t<div class=\"elementor-element elementor-element-c16b846 elementor-widget elementor-widget-image\" data-id=\"c16b846\" data-element_type=\"widget\" data-widget_type=\"image.default\">\n\t\t\t\t<div class=\"elementor-widget-container\">\n\t\t\t\t\t\t\t\t\t\t\t\t\t\t\t<img decoding=\"async\" width=\"800\" height=\"30\" src=\"https:\/\/www.globalprev.com.br\/institucional\/wp-content\/uploads\/2024\/02\/ELEMENTOS--1024x39.webp\" class=\"attachment-large size-large wp-image-41\" alt=\"\" srcset=\"https:\/\/www.globalprev.com.br\/institucional\/wp-content\/uploads\/2024\/02\/ELEMENTOS--1024x39.webp 1024w, https:\/\/www.globalprev.com.br\/institucional\/wp-content\/uploads\/2024\/02\/ELEMENTOS--300x12.webp 300w, https:\/\/www.globalprev.com.br\/institucional\/wp-content\/uploads\/2024\/02\/ELEMENTOS--768x30.webp 768w, https:\/\/www.globalprev.com.br\/institucional\/wp-content\/uploads\/2024\/02\/ELEMENTOS--1536x59.webp 1536w, https:\/\/www.globalprev.com.br\/institucional\/wp-content\/uploads\/2024\/02\/ELEMENTOS-.webp 1920w\" sizes=\"(max-width: 800px) 100vw, 800px\" \/>\t\t\t\t\t\t\t\t\t\t\t\t\t\t\t<\/div>\n\t\t\t\t<\/div>\n\t\t\t\t<div class=\"elementor-element elementor-element-d00143e elementor-widget-mobile__width-initial elementor-widget-tablet__width-initial elementor-widget__width-initial elementor-widget elementor-widget-heading\" data-id=\"d00143e\" data-element_type=\"widget\" data-widget_type=\"heading.default\">\n\t\t\t\t<div class=\"elementor-widget-container\">\n\t\t\t\t\t<h2 class=\"elementor-heading-title elementor-size-default\">Aux\u00edlio Acidente<\/h2>\t\t\t\t<\/div>\n\t\t\t\t<\/div>\n\t\t\t\t<div class=\"elementor-element elementor-element-bdc0b75 elementor-widget__width-initial elementor-widget elementor-widget-text-editor\" data-id=\"bdc0b75\" data-element_type=\"widget\" data-widget_type=\"text-editor.default\">\n\t\t\t\t<div class=\"elementor-widget-container\">\n\t\t\t\t\t\t\t\t\t<p class=\"p1\">O aux\u00edlio-acidente \u00e9 um benef\u00edcio previdenci\u00e1rio oferecido aos trabalhadores que tenham sofrido um acidente que resulte em sequelas permanentes que reduzam a capacidade para o trabalho habitual.<\/p><p class=\"p1\">Ao contr\u00e1rio do aux\u00edlio-doen\u00e7a, que \u00e9 tempor\u00e1rio e concedido para casos de incapacidade tempor\u00e1ria, o aux\u00edlio-acidente \u00e9 concedido quando h\u00e1 uma sequela permanente decorrente de um acidente de qualquer natureza. Essa sequela pode ser uma les\u00e3o f\u00edsica ou mental que reduza a capacidade do trabalhador para exercer suas atividades habituais.<\/p><p class=\"p1\">O aux\u00edlio-acidente \u00e9 pago de forma vital\u00edcia, ou seja, n\u00e3o possui prazo determinado de dura\u00e7\u00e3o, e o valor \u00e9 calculado com base na m\u00e9dia das contribui\u00e7\u00f5es feitas pelo segurado at\u00e9 o momento do acidente. Esse valor \u00e9 diferente do valor de aposentadoria por invalidez ou aux\u00edlio-doen\u00e7a.<\/p>\t\t\t\t\t\t\t\t<\/div>\n\t\t\t\t<\/div>\n\t\t\t\t<\/div>\n\t\t<div class=\"elementor-element elementor-element-f5da245 e-flex e-con-boxed e-con e-parent\" data-id=\"f5da245\" data-element_type=\"container\">\n\t\t\t\t\t<div class=\"e-con-inner\">\n\t\t\t\t<div class=\"elementor-element elementor-element-0ce389a elementor-widget-mobile__width-initial elementor-widget elementor-widget-heading\" data-id=\"0ce389a\" data-element_type=\"widget\" data-widget_type=\"heading.default\">\n\t\t\t\t<div class=\"elementor-widget-container\">\n\t\t\t\t\t<h2 class=\"elementor-heading-title elementor-size-default\">Perguntas frequentes<\/h2>\t\t\t\t<\/div>\n\t\t\t\t<\/div>\n\t\t\t\t<div class=\"elementor-element elementor-element-f8ab4cc elementor-widget elementor-widget-eael-adv-accordion\" data-id=\"f8ab4cc\" data-element_type=\"widget\" data-widget_type=\"eael-adv-accordion.default\">\n\t\t\t\t<div class=\"elementor-widget-container\">\n\t\t\t\t\t        <div class=\"eael-adv-accordion\" id=\"eael-adv-accordion-f8ab4cc\" data-scroll-on-click=\"no\" data-scroll-speed=\"300\" data-accordion-id=\"f8ab4cc\" data-accordion-type=\"accordion\" data-toogle-speed=\"300\">\n    <div class=\"eael-accordion-list\">\n                <div id=\"quais-so-os-documentos-necessrios-para-solicitar-o-auxlio-doena\" class=\"elementor-tab-title eael-accordion-header\" tabindex=\"0\" data-tab=\"1\" aria-controls=\"elementor-tab-content-2601\"><span class=\"eael-accordion-tab-title\">Quais s\u00e3o os documentos necess\u00e1rios para solicitar o aux\u00edlio-doen\u00e7a?<\/span><svg aria-hidden=\"true\" class=\"fa-toggle e-font-icon-svg e-fas-angle-down\" viewBox=\"0 0 320 512\" xmlns=\"http:\/\/www.w3.org\/2000\/svg\"><path d=\"M143 352.3L7 216.3c-9.4-9.4-9.4-24.6 0-33.9l22.6-22.6c9.4-9.4 24.6-9.4 33.9 0l96.4 96.4 96.4-96.4c9.4-9.4 24.6-9.4 33.9 0l22.6 22.6c9.4 9.4 9.4 24.6 0 33.9l-136 136c-9.2 9.4-24.4 9.4-33.8 0z\"><\/path><\/svg><\/div><div id=\"elementor-tab-content-2601\" class=\"eael-accordion-content clearfix\" data-tab=\"1\" aria-labelledby=\"quais-so-os-documentos-necessrios-para-solicitar-o-auxlio-doena\"><p class=\"p1\">Para solicitar o aux\u00edlio-doen\u00e7a junto ao Instituto Nacional do Seguro Social (INSS), \u00e9 necess\u00e1rio reunir uma s\u00e9rie de documentos que comprovem a condi\u00e7\u00e3o de sa\u00fade do segurado e atendam aos requisitos exigidos. Abaixo est\u00e3o os documentos geralmente necess\u00e1rios para a solicita\u00e7\u00e3o do aux\u00edlio-doen\u00e7a:<\/p><ul class=\"ul1\"><li class=\"li1\">Documentos de identifica\u00e7\u00e3o pessoal:<\/li><li class=\"li1\">Documentos m\u00e9dicos recentes que atestem a condi\u00e7\u00e3o de sa\u00fade do segurado e indiquem a incapacidade para o trabalho.<\/li><li class=\"li1\">Documentos relacionados \u00e0 atividade profissional como Carteira de Trabalho e Previd\u00eancia Social (CTPS) ou declara\u00e7\u00e3o do empregador, caso o segurado seja empregado.<\/li><li class=\"li1\">Outros documentos que comprovem a condi\u00e7\u00e3o de segurado do INSS, bem como o comprovante de resid\u00eancia.<\/li><\/ul><\/div>\n                <\/div><div class=\"eael-accordion-list\">\n                <div id=\"qual-a-durao-do-auxlio-doena\" class=\"elementor-tab-title eael-accordion-header\" tabindex=\"0\" data-tab=\"2\" aria-controls=\"elementor-tab-content-2602\"><span class=\"eael-accordion-tab-title\">Qual \u00e9 a dura\u00e7\u00e3o do aux\u00edlio-doen\u00e7a?<\/span><svg aria-hidden=\"true\" class=\"fa-toggle e-font-icon-svg e-fas-angle-down\" viewBox=\"0 0 320 512\" xmlns=\"http:\/\/www.w3.org\/2000\/svg\"><path d=\"M143 352.3L7 216.3c-9.4-9.4-9.4-24.6 0-33.9l22.6-22.6c9.4-9.4 24.6-9.4 33.9 0l96.4 96.4 96.4-96.4c9.4-9.4 24.6-9.4 33.9 0l22.6 22.6c9.4 9.4 9.4 24.6 0 33.9l-136 136c-9.2 9.4-24.4 9.4-33.8 0z\"><\/path><\/svg><\/div><div id=\"elementor-tab-content-2602\" class=\"eael-accordion-content clearfix\" data-tab=\"2\" aria-labelledby=\"qual-a-durao-do-auxlio-doena\"><p class=\"p1\">A dura\u00e7\u00e3o do aux\u00edlio-doen\u00e7a \u00e9 determinada pela avalia\u00e7\u00e3o m\u00e9dica peri\u00f3dica realizada pelo INSS, que reavalia a condi\u00e7\u00e3o de sa\u00fade do segurado para verificar se ele ainda se encontra incapacitado para o trabalho. Se o segurado recuperar sua capacidade de trabalho, o benef\u00edcio poder\u00e1 ser cessado. Por outro lado, se a incapacidade persistir, o benef\u00edcio poder\u00e1 ser prorrogado mediante nova avalia\u00e7\u00e3o m\u00e9dica.<\/p><\/div>\n                <\/div><div class=\"eael-accordion-list\">\n                <div id=\"quando-o-auxlio-doena-convertido-em-aposentadoria-por-invalidez\" class=\"elementor-tab-title eael-accordion-header\" tabindex=\"0\" data-tab=\"3\" aria-controls=\"elementor-tab-content-2603\"><span class=\"eael-accordion-tab-title\">Quando o aux\u00edlio-doen\u00e7a \u00e9 convertido em aposentadoria por invalidez?<\/span><svg aria-hidden=\"true\" class=\"fa-toggle e-font-icon-svg e-fas-angle-down\" viewBox=\"0 0 320 512\" xmlns=\"http:\/\/www.w3.org\/2000\/svg\"><path d=\"M143 352.3L7 216.3c-9.4-9.4-9.4-24.6 0-33.9l22.6-22.6c9.4-9.4 24.6-9.4 33.9 0l96.4 96.4 96.4-96.4c9.4-9.4 24.6-9.4 33.9 0l22.6 22.6c9.4 9.4 9.4 24.6 0 33.9l-136 136c-9.2 9.4-24.4 9.4-33.8 0z\"><\/path><\/svg><\/div><div id=\"elementor-tab-content-2603\" class=\"eael-accordion-content clearfix\" data-tab=\"3\" aria-labelledby=\"quando-o-auxlio-doena-convertido-em-aposentadoria-por-invalidez\"><p class=\"p1\">O aux\u00edlio-doen\u00e7a pode ser convertido em aposentadoria por invalidez quando o segurado \u00e9 considerado incapaz de forma definitiva para o trabalho, ou seja, quando a per\u00edcia m\u00e9dica do Instituto Nacional do Seguro Social (INSS) constata que a incapacidade para o trabalho \u00e9 permanente e irrevers\u00edvel.<\/p><\/div>\n                <\/div><\/div>\t\t\t\t<\/div>\n\t\t\t\t<\/div>\n\t\t\t\t\t<\/div>\n\t\t\t\t<\/div>\n\t\t<div class=\"elementor-element elementor-element-3dd1431 e-flex e-con-boxed e-con e-parent\" data-id=\"3dd1431\" data-element_type=\"container\">\n\t\t\t\t\t<div class=\"e-con-inner\">\n\t\t\t\t<div class=\"elementor-element elementor-element-dd5b6c1 elementor-tablet-align-center elementor-mobile-align-justify elementor-widget-mobile__width-initial elementor-align-center elementor-widget elementor-widget-button\" data-id=\"dd5b6c1\" data-element_type=\"widget\" data-widget_type=\"button.default\">\n\t\t\t\t<div class=\"elementor-widget-container\">\n\t\t\t\t\t\t\t\t\t<div class=\"elementor-button-wrapper\">\n\t\t\t\t\t<a class=\"elementor-button elementor-button-link elementor-size-lg\" href=\"https:\/\/api.whatsapp.com\/send?phone=5543999264989&#038;text=Ol\u00e1,%20vim%20pelo%20site.%20Gostaria%20de%20mais%20informa\u00e7\u00f5es%20sobre%20a%20GlobalPrev\" target=\"_blank\">\n\t\t\t\t\t\t<span class=\"elementor-button-content-wrapper\">\n\t\t\t\t\t\t\t\t\t<span class=\"elementor-button-text\">Fazer an\u00e1lise gratuita<\/span>\n\t\t\t\t\t<\/span>\n\t\t\t\t\t<\/a>\n\t\t\t\t<\/div>\n\t\t\t\t\t\t\t\t<\/div>\n\t\t\t\t<\/div>\n\t\t\t\t\t<\/div>\n\t\t\t\t<\/div>\n\t\t\t\t<\/div>\n\t\t","protected":false},"excerpt":{"rendered":"<p>AUX\u00cdLIO ACIDENTE Solu\u00e7\u00f5es inteligentes para todas as suas necessidades previdenci\u00e1rias Fazer an\u00e1lise gratuita Aux\u00edlio Acidente O aux\u00edlio-acidente \u00e9 um benef\u00edcio previdenci\u00e1rio oferecido aos trabalhadores que tenham sofrido um acidente que resulte em sequelas permanentes que reduzam a capacidade para o trabalho habitual. Ao contr\u00e1rio do aux\u00edlio-doen\u00e7a, que \u00e9 tempor\u00e1rio e concedido para casos de incapacidade [&hellip;]<\/p>\n","protected":false},"author":1,"featured_media":0,"parent":0,"menu_order":0,"comment_status":"closed","ping_status":"closed","template":"elementor_header_footer","meta":{"footnotes":""},"class_list":["post-248","page","type-page","status-publish","hentry"],"_links":{"self":[{"href":"https:\/\/www.globalprev.com.br\/institucional\/wp-json\/wp\/v2\/pages\/248","targetHints":{"allow":["GET"]}}],"collection":[{"href":"https:\/\/www.globalprev.com.br\/institucional\/wp-json\/wp\/v2\/pages"}],"about":[{"href":"https:\/\/www.globalprev.com.br\/institucional\/wp-json\/wp\/v2\/types\/page"}],"author":[{"embeddable":true,"href":"https:\/\/www.globalprev.com.br\/institucional\/wp-json\/wp\/v2\/users\/1"}],"replies":[{"embeddable":true,"href":"https:\/\/www.globalprev.com.br\/institucional\/wp-json\/wp\/v2\/comments?post=248"}],"version-history":[{"count":7,"href":"https:\/\/www.globalprev.com.br\/institucional\/wp-json\/wp\/v2\/pages\/248\/revisions"}],"predecessor-version":[{"id":263,"href":"https:\/\/www.globalprev.com.br\/institucional\/wp-json\/wp\/v2\/pages\/248\/revisions\/263"}],"wp:attachment":[{"href":"https:\/\/www.globalprev.com.br\/institucional\/wp-json\/wp\/v2\/media?parent=248"}],"curies":[{"name":"wp","href":"https:\/\/api.w.org\/{rel}","templated":true}]}}